{"id":204,"date":"2019-03-05T12:07:07","date_gmt":"2019-03-05T11:07:07","guid":{"rendered":"http:\/\/pierrequiroulegarage.fr\/?post_type=jetpack-portfolio&#038;p=204"},"modified":"2023-04-26T15:21:20","modified_gmt":"2023-04-26T13:21:20","slug":"arola-microcar-saxonette","status":"publish","type":"jetpack-portfolio","link":"https:\/\/pierrequiroulegarage.fr\/index.php\/portfolio\/arola-microcar-saxonette\/","title":{"rendered":"Arola"},"content":{"rendered":"\n<p class=\"has-vivid-red-color has-text-color\"><strong><em>Vendue, Cette curiosit\u00e9 vas orner le hall d&rsquo;une concession de VSP&#8230; ROOHHH qu&rsquo;elle est belle<\/em><\/strong><em> !!<\/em><\/p>\n\n\n<p style=\"text-align: justify;\">Voici une Arola qui ne manque pas de \u00ab\u00a0peps\u00a0\u00bb avec sa couleur Orange. Petit projet pour la decoration de notre stand lors des salons dans le milieu du Design, cette Arola tout droit sortie des \u00ab\u00a070\u00a0\u00bb \u00e0 \u00e9t\u00e9 enti\u00e8rement reconditionn\u00e9e. Ch\u00e2ssis, freins, trains, suspension, moteur, faisceau, carrosserie, rien n&rsquo;a \u00e9t\u00e9 oubli\u00e9 !!<\/p>\n<p style=\"text-align: justify;\">Un look improbable avec des freins \u00e0 c\u00e2ble et un moteur Saxonette de 45 cm3 pour une fabrication mi-mobylette, mi-optimiste (le bateau bien sur!).<\/p>\n\n\n<figure class=\"wp-block-image\"><img data-recalc-dims=\"1\" loading=\"lazy\" decoding=\"async\" width=\"840\" height=\"559\" data-attachment-id=\"209\" data-permalink=\"https:\/\/pierrequiroulegarage.fr\/index.php\/portfolio\/arola-microcar-saxonette\/arola-005\/\" data-orig-file=\"https:\/\/i0.wp.com\/pierrequiroulegarage.fr\/wp-content\/uploads\/2019\/03\/arola-005.jpg?fit=1100%2C733&amp;ssl=1\" data-orig-size=\"1100,733\" data-comments-opened=\"1\" data-image-meta=\"{&quot;aperture&quot;:&quot;0&quot;,&quot;credit&quot;:&quot;&quot;,&quot;camera&quot;:&quot;&quot;,&quot;caption&quot;:&quot;&quot;,&quot;created_timestamp&quot;:&quot;0&quot;,&quot;copyright&quot;:&quot;&quot;,&quot;focal_length&quot;:&quot;0&quot;,&quot;iso&quot;:&quot;0&quot;,&quot;shutter_speed&quot;:&quot;0&quot;,&quot;title&quot;:&quot;&quot;,&quot;orientation&quot;:&quot;0&quot;}\" data-image-title=\"arola-005\" data-image-description=\"\" data-image-caption=\"\" data-large-file=\"https:\/\/i0.wp.com\/pierrequiroulegarage.fr\/wp-content\/uploads\/2019\/03\/arola-005.jpg?fit=840%2C559&amp;ssl=1\" src=\"https:\/\/i0.wp.com\/pierrequiroulegarage.fr\/wp-content\/uploads\/2019\/03\/arola-005-1024x682.jpg?resize=840%2C559\" alt=\"\" class=\"wp-image-209\" srcset=\"https:\/\/i0.wp.com\/pierrequiroulegarage.fr\/wp-content\/uploads\/2019\/03\/arola-005.jpg?resize=1024%2C682&amp;ssl=1 1024w, https:\/\/i0.wp.com\/pierrequiroulegarage.fr\/wp-content\/uploads\/2019\/03\/arola-005.jpg?resize=300%2C200&amp;ssl=1 300w, https:\/\/i0.wp.com\/pierrequiroulegarage.fr\/wp-content\/uploads\/2019\/03\/arola-005.jpg?resize=768%2C512&amp;ssl=1 768w, https:\/\/i0.wp.com\/pierrequiroulegarage.fr\/wp-content\/uploads\/2019\/03\/arola-005.jpg?resize=800%2C533&amp;ssl=1 800w, https:\/\/i0.wp.com\/pierrequiroulegarage.fr\/wp-content\/uploads\/2019\/03\/arola-005.jpg?resize=270%2C180&amp;ssl=1 270w, https:\/\/i0.wp.com\/pierrequiroulegarage.fr\/wp-content\/uploads\/2019\/03\/arola-005.jpg?w=1100&amp;ssl=1 1100w\" sizes=\"auto, (max-width: 840px) 100vw, 840px\" \/><\/figure>\n\n\n\n<figure class=\"wp-block-image\"><img data-recalc-dims=\"1\" loading=\"lazy\" decoding=\"async\" width=\"840\" height=\"559\" data-attachment-id=\"207\" data-permalink=\"https:\/\/pierrequiroulegarage.fr\/index.php\/portfolio\/arola-microcar-saxonette\/arola-003\/\" data-orig-file=\"https:\/\/i0.wp.com\/pierrequiroulegarage.fr\/wp-content\/uploads\/2019\/03\/arola-003.jpg?fit=1100%2C733&amp;ssl=1\" data-orig-size=\"1100,733\" data-comments-opened=\"1\" data-image-meta=\"{&quot;aperture&quot;:&quot;0&quot;,&quot;credit&quot;:&quot;&quot;,&quot;camera&quot;:&quot;&quot;,&quot;caption&quot;:&quot;&quot;,&quot;created_timestamp&quot;:&quot;0&quot;,&quot;copyright&quot;:&quot;&quot;,&quot;focal_length&quot;:&quot;0&quot;,&quot;iso&quot;:&quot;0&quot;,&quot;shutter_speed&quot;:&quot;0&quot;,&quot;title&quot;:&quot;&quot;,&quot;orientation&quot;:&quot;0&quot;}\" data-image-title=\"arola-003\" data-image-description=\"\" data-image-caption=\"\" data-large-file=\"https:\/\/i0.wp.com\/pierrequiroulegarage.fr\/wp-content\/uploads\/2019\/03\/arola-003.jpg?fit=840%2C559&amp;ssl=1\" src=\"https:\/\/i0.wp.com\/pierrequiroulegarage.fr\/wp-content\/uploads\/2019\/03\/arola-003-1024x682.jpg?resize=840%2C559\" alt=\"\" class=\"wp-image-207\" srcset=\"https:\/\/i0.wp.com\/pierrequiroulegarage.fr\/wp-content\/uploads\/2019\/03\/arola-003.jpg?resize=1024%2C682&amp;ssl=1 1024w, https:\/\/i0.wp.com\/pierrequiroulegarage.fr\/wp-content\/uploads\/2019\/03\/arola-003.jpg?resize=300%2C200&amp;ssl=1 300w, https:\/\/i0.wp.com\/pierrequiroulegarage.fr\/wp-content\/uploads\/2019\/03\/arola-003.jpg?resize=768%2C512&amp;ssl=1 768w, https:\/\/i0.wp.com\/pierrequiroulegarage.fr\/wp-content\/uploads\/2019\/03\/arola-003.jpg?resize=800%2C533&amp;ssl=1 800w, https:\/\/i0.wp.com\/pierrequiroulegarage.fr\/wp-content\/uploads\/2019\/03\/arola-003.jpg?resize=270%2C180&amp;ssl=1 270w, https:\/\/i0.wp.com\/pierrequiroulegarage.fr\/wp-content\/uploads\/2019\/03\/arola-003.jpg?w=1100&amp;ssl=1 1100w\" sizes=\"auto, (max-width: 840px) 100vw, 840px\" \/><\/figure>\n\n\n\n<figure class=\"wp-block-image\"><img data-recalc-dims=\"1\" loading=\"lazy\" decoding=\"async\" width=\"840\" height=\"559\" data-attachment-id=\"208\" data-permalink=\"https:\/\/pierrequiroulegarage.fr\/index.php\/portfolio\/arola-microcar-saxonette\/arola-004\/\" data-orig-file=\"https:\/\/i0.wp.com\/pierrequiroulegarage.fr\/wp-content\/uploads\/2019\/03\/arola-004.jpg?fit=1100%2C733&amp;ssl=1\" data-orig-size=\"1100,733\" data-comments-opened=\"1\" data-image-meta=\"{&quot;aperture&quot;:&quot;0&quot;,&quot;credit&quot;:&quot;&quot;,&quot;camera&quot;:&quot;&quot;,&quot;caption&quot;:&quot;&quot;,&quot;created_timestamp&quot;:&quot;0&quot;,&quot;copyright&quot;:&quot;&quot;,&quot;focal_length&quot;:&quot;0&quot;,&quot;iso&quot;:&quot;0&quot;,&quot;shutter_speed&quot;:&quot;0&quot;,&quot;title&quot;:&quot;&quot;,&quot;orientation&quot;:&quot;0&quot;}\" data-image-title=\"arola-004\" data-image-description=\"\" data-image-caption=\"\" data-large-file=\"https:\/\/i0.wp.com\/pierrequiroulegarage.fr\/wp-content\/uploads\/2019\/03\/arola-004.jpg?fit=840%2C559&amp;ssl=1\" src=\"https:\/\/i0.wp.com\/pierrequiroulegarage.fr\/wp-content\/uploads\/2019\/03\/arola-004-1024x682.jpg?resize=840%2C559\" alt=\"\" class=\"wp-image-208\" srcset=\"https:\/\/i0.wp.com\/pierrequiroulegarage.fr\/wp-content\/uploads\/2019\/03\/arola-004.jpg?resize=1024%2C682&amp;ssl=1 1024w, https:\/\/i0.wp.com\/pierrequiroulegarage.fr\/wp-content\/uploads\/2019\/03\/arola-004.jpg?resize=300%2C200&amp;ssl=1 300w, https:\/\/i0.wp.com\/pierrequiroulegarage.fr\/wp-content\/uploads\/2019\/03\/arola-004.jpg?resize=768%2C512&amp;ssl=1 768w, https:\/\/i0.wp.com\/pierrequiroulegarage.fr\/wp-content\/uploads\/2019\/03\/arola-004.jpg?resize=800%2C533&amp;ssl=1 800w, https:\/\/i0.wp.com\/pierrequiroulegarage.fr\/wp-content\/uploads\/2019\/03\/arola-004.jpg?resize=270%2C180&amp;ssl=1 270w, https:\/\/i0.wp.com\/pierrequiroulegarage.fr\/wp-content\/uploads\/2019\/03\/arola-004.jpg?w=1100&amp;ssl=1 1100w\" sizes=\"auto, (max-width: 840px) 100vw, 840px\" \/><\/figure>\n\n\n\n<figure class=\"wp-block-image\"><img data-recalc-dims=\"1\" loading=\"lazy\" decoding=\"async\" width=\"840\" height=\"559\" data-attachment-id=\"212\" data-permalink=\"https:\/\/pierrequiroulegarage.fr\/index.php\/portfolio\/arola-microcar-saxonette\/arola-008\/\" data-orig-file=\"https:\/\/i0.wp.com\/pierrequiroulegarage.fr\/wp-content\/uploads\/2019\/03\/arola-008.jpg?fit=1100%2C733&amp;ssl=1\" data-orig-size=\"1100,733\" data-comments-opened=\"1\" data-image-meta=\"{&quot;aperture&quot;:&quot;0&quot;,&quot;credit&quot;:&quot;&quot;,&quot;camera&quot;:&quot;&quot;,&quot;caption&quot;:&quot;&quot;,&quot;created_timestamp&quot;:&quot;0&quot;,&quot;copyright&quot;:&quot;&quot;,&quot;focal_length&quot;:&quot;0&quot;,&quot;iso&quot;:&quot;0&quot;,&quot;shutter_speed&quot;:&quot;0&quot;,&quot;title&quot;:&quot;&quot;,&quot;orientation&quot;:&quot;0&quot;}\" data-image-title=\"arola-008\" data-image-description=\"\" data-image-caption=\"\" data-large-file=\"https:\/\/i0.wp.com\/pierrequiroulegarage.fr\/wp-content\/uploads\/2019\/03\/arola-008.jpg?fit=840%2C559&amp;ssl=1\" src=\"https:\/\/i0.wp.com\/pierrequiroulegarage.fr\/wp-content\/uploads\/2019\/03\/arola-008-1024x682.jpg?resize=840%2C559\" alt=\"\" class=\"wp-image-212\" srcset=\"https:\/\/i0.wp.com\/pierrequiroulegarage.fr\/wp-content\/uploads\/2019\/03\/arola-008.jpg?resize=1024%2C682&amp;ssl=1 1024w, https:\/\/i0.wp.com\/pierrequiroulegarage.fr\/wp-content\/uploads\/2019\/03\/arola-008.jpg?resize=300%2C200&amp;ssl=1 300w, https:\/\/i0.wp.com\/pierrequiroulegarage.fr\/wp-content\/uploads\/2019\/03\/arola-008.jpg?resize=768%2C512&amp;ssl=1 768w, https:\/\/i0.wp.com\/pierrequiroulegarage.fr\/wp-content\/uploads\/2019\/03\/arola-008.jpg?resize=800%2C533&amp;ssl=1 800w, https:\/\/i0.wp.com\/pierrequiroulegarage.fr\/wp-content\/uploads\/2019\/03\/arola-008.jpg?resize=270%2C180&amp;ssl=1 270w, https:\/\/i0.wp.com\/pierrequiroulegarage.fr\/wp-content\/uploads\/2019\/03\/arola-008.jpg?w=1100&amp;ssl=1 1100w\" sizes=\"auto, (max-width: 840px) 100vw, 840px\" \/><\/figure>\n\n\n\n<figure class=\"wp-block-image\"><img data-recalc-dims=\"1\" loading=\"lazy\" decoding=\"async\" width=\"840\" height=\"559\" data-attachment-id=\"210\" data-permalink=\"https:\/\/pierrequiroulegarage.fr\/index.php\/portfolio\/arola-microcar-saxonette\/arola-006\/\" data-orig-file=\"https:\/\/i0.wp.com\/pierrequiroulegarage.fr\/wp-content\/uploads\/2019\/03\/arola-006.jpg?fit=1100%2C733&amp;ssl=1\" data-orig-size=\"1100,733\" data-comments-opened=\"1\" data-image-meta=\"{&quot;aperture&quot;:&quot;0&quot;,&quot;credit&quot;:&quot;&quot;,&quot;camera&quot;:&quot;&quot;,&quot;caption&quot;:&quot;&quot;,&quot;created_timestamp&quot;:&quot;0&quot;,&quot;copyright&quot;:&quot;&quot;,&quot;focal_length&quot;:&quot;0&quot;,&quot;iso&quot;:&quot;0&quot;,&quot;shutter_speed&quot;:&quot;0&quot;,&quot;title&quot;:&quot;&quot;,&quot;orientation&quot;:&quot;0&quot;}\" data-image-title=\"arola-006\" data-image-description=\"\" data-image-caption=\"\" data-large-file=\"https:\/\/i0.wp.com\/pierrequiroulegarage.fr\/wp-content\/uploads\/2019\/03\/arola-006.jpg?fit=840%2C559&amp;ssl=1\" src=\"https:\/\/i0.wp.com\/pierrequiroulegarage.fr\/wp-content\/uploads\/2019\/03\/arola-006-1024x682.jpg?resize=840%2C559\" alt=\"\" class=\"wp-image-210\" srcset=\"https:\/\/i0.wp.com\/pierrequiroulegarage.fr\/wp-content\/uploads\/2019\/03\/arola-006.jpg?resize=1024%2C682&amp;ssl=1 1024w, https:\/\/i0.wp.com\/pierrequiroulegarage.fr\/wp-content\/uploads\/2019\/03\/arola-006.jpg?resize=300%2C200&amp;ssl=1 300w, https:\/\/i0.wp.com\/pierrequiroulegarage.fr\/wp-content\/uploads\/2019\/03\/arola-006.jpg?resize=768%2C512&amp;ssl=1 768w, https:\/\/i0.wp.com\/pierrequiroulegarage.fr\/wp-content\/uploads\/2019\/03\/arola-006.jpg?resize=800%2C533&amp;ssl=1 800w, https:\/\/i0.wp.com\/pierrequiroulegarage.fr\/wp-content\/uploads\/2019\/03\/arola-006.jpg?resize=270%2C180&amp;ssl=1 270w, https:\/\/i0.wp.com\/pierrequiroulegarage.fr\/wp-content\/uploads\/2019\/03\/arola-006.jpg?w=1100&amp;ssl=1 1100w\" sizes=\"auto, (max-width: 840px) 100vw, 840px\" \/><\/figure>\n","protected":false},"excerpt":{"rendered":"<p>Vendue, Cette curiosit\u00e9 vas orner le hall d&rsquo;une concession de VSP&#8230; ROOHHH qu&rsquo;elle est belle !! Voici une Arola qui ne manque pas de \u00ab\u00a0peps\u00a0\u00bb avec sa couleur Orange. Petit projet pour la decoration de notre stand lors des salons dans le milieu du Design, cette Arola tout droit sortie des \u00ab\u00a070\u00a0\u00bb \u00e0 \u00e9t\u00e9 enti\u00e8rement&hellip;<\/p>\n","protected":false},"author":1,"featured_media":212,"comment_status":"open","ping_status":"closed","template":"","format":"standard","meta":{"jetpack_post_was_ever_published":false,"footnotes":"","jetpack_publicize_message":"","jetpack_publicize_feature_enabled":true,"jetpack_social_post_already_shared":true,"jetpack_social_options":{"image_generator_settings":{"template":"highway","default_image_id":0,"font":"","enabled":false},"version":2}},"jetpack-portfolio-type":[10],"jetpack-portfolio-tag":[],"class_list":["post-204","jetpack-portfolio","type-jetpack-portfolio","status-publish","format-standard","has-post-thumbnail","hentry","jetpack-portfolio-type-collection-curiosites","portfolio-entry"],"jetpack_publicize_connections":[],"jetpack_sharing_enabled":true,"jetpack-related-posts":[{"id":1337,"url":"https:\/\/pierrequiroulegarage.fr\/index.php\/portfolio\/mini-one-blanche\/","url_meta":{"origin":204,"position":0},"title":"Mini One \u00ab\u00a0Blanche\u00a0\u00bb","author":"admin4984","date":"3 novembre 2023","format":false,"excerpt":"Vendue ! Blanche est dor\u00e9navant une Montoise \u00e0 part enti\u00e8re !! Voici Blanche, une Mini One 75cv de fin 2011, elle est arriv\u00e9e sans faire de bruit puis elle \u00e0 dit, mon embrayage est trop dur, mon circuit d'eau il fuit !! Ma culasse, vous \u00eates s\u00fbr qu'elle vas bien\u2026","rel":"","context":"Article similaire","block_context":{"text":"Article similaire","link":""},"img":{"alt_text":"","src":"https:\/\/i0.wp.com\/pierrequiroulegarage.fr\/wp-content\/uploads\/2023\/11\/IMG_9593-scaled.jpg?fit=1200%2C900&ssl=1&resize=350%2C200","width":350,"height":200,"srcset":"https:\/\/i0.wp.com\/pierrequiroulegarage.fr\/wp-content\/uploads\/2023\/11\/IMG_9593-scaled.jpg?fit=1200%2C900&ssl=1&resize=350%2C200 1x, https:\/\/i0.wp.com\/pierrequiroulegarage.fr\/wp-content\/uploads\/2023\/11\/IMG_9593-scaled.jpg?fit=1200%2C900&ssl=1&resize=525%2C300 1.5x, https:\/\/i0.wp.com\/pierrequiroulegarage.fr\/wp-content\/uploads\/2023\/11\/IMG_9593-scaled.jpg?fit=1200%2C900&ssl=1&resize=700%2C400 2x, https:\/\/i0.wp.com\/pierrequiroulegarage.fr\/wp-content\/uploads\/2023\/11\/IMG_9593-scaled.jpg?fit=1200%2C900&ssl=1&resize=1050%2C600 3x"},"classes":[]},{"id":688,"url":"https:\/\/pierrequiroulegarage.fr\/index.php\/portfolio\/mini-john-cooper-works-pepper\/","url_meta":{"origin":204,"position":1},"title":"Mini John Cooper Works \u00ab\u00a0Pepper\u00a0\u00bb","author":"admin4984","date":"7 novembre 2020","format":false,"excerpt":"Vendue !! Pepper est partie semer la terreur :-) sur les routes de Seine maritime. Pepper est comme son nom l'indique une mini John Cooper Works, version vitamin\u00e9e de la Cooper S. La \"Works\" est un mod\u00e8le d\u00e9veloppant 211 CV elle est \u00e9quip\u00e9e entre autre de pistons sp\u00e9ciaux, d'un turbo\u2026","rel":"","context":"Article similaire","block_context":{"text":"Article similaire","link":""},"img":{"alt_text":"","src":"https:\/\/i0.wp.com\/pierrequiroulegarage.fr\/wp-content\/uploads\/2020\/02\/3-e1634118600945.jpg?fit=732%2C462&ssl=1&resize=350%2C200","width":350,"height":200,"srcset":"https:\/\/i0.wp.com\/pierrequiroulegarage.fr\/wp-content\/uploads\/2020\/02\/3-e1634118600945.jpg?fit=732%2C462&ssl=1&resize=350%2C200 1x, https:\/\/i0.wp.com\/pierrequiroulegarage.fr\/wp-content\/uploads\/2020\/02\/3-e1634118600945.jpg?fit=732%2C462&ssl=1&resize=525%2C300 1.5x, https:\/\/i0.wp.com\/pierrequiroulegarage.fr\/wp-content\/uploads\/2020\/02\/3-e1634118600945.jpg?fit=732%2C462&ssl=1&resize=700%2C400 2x"},"classes":[]},{"id":342,"url":"https:\/\/pierrequiroulegarage.fr\/index.php\/portfolio\/mini-cooper-popeye\/","url_meta":{"origin":204,"position":2},"title":"Mini Cooper \u00ab\u00a0Popeye\u00a0\u00bb","author":"admin4984","date":"6 mai 2019","format":false,"excerpt":"Vendue, partie vers de nouvelles aventures dans le verdoyant Libournais. Popeye, comme toutes nos autos \u00e0 b\u00e9n\u00e9fici\u00e9 de toute notre attention avant sa mise en vente. Son moteur a \u00e9t\u00e9 d\u00e9mont\u00e9 et remis en \u00e9tat. Sont train avant, ses freins, sa direction, sa transmission et pas mal d'\u00e9quipements ont \u00e9t\u00e9\u2026","rel":"","context":"Article similaire","block_context":{"text":"Article similaire","link":""},"img":{"alt_text":"","src":"https:\/\/i0.wp.com\/pierrequiroulegarage.fr\/wp-content\/uploads\/2019\/07\/IMG_6541-1020919021-1563353429687.jpg?fit=1200%2C800&ssl=1&resize=350%2C200","width":350,"height":200,"srcset":"https:\/\/i0.wp.com\/pierrequiroulegarage.fr\/wp-content\/uploads\/2019\/07\/IMG_6541-1020919021-1563353429687.jpg?fit=1200%2C800&ssl=1&resize=350%2C200 1x, https:\/\/i0.wp.com\/pierrequiroulegarage.fr\/wp-content\/uploads\/2019\/07\/IMG_6541-1020919021-1563353429687.jpg?fit=1200%2C800&ssl=1&resize=525%2C300 1.5x, https:\/\/i0.wp.com\/pierrequiroulegarage.fr\/wp-content\/uploads\/2019\/07\/IMG_6541-1020919021-1563353429687.jpg?fit=1200%2C800&ssl=1&resize=700%2C400 2x, https:\/\/i0.wp.com\/pierrequiroulegarage.fr\/wp-content\/uploads\/2019\/07\/IMG_6541-1020919021-1563353429687.jpg?fit=1200%2C800&ssl=1&resize=1050%2C600 3x"},"classes":[]},{"id":243,"url":"https:\/\/pierrequiroulegarage.fr\/index.php\/portfolio\/mini-cooper-nero\/","url_meta":{"origin":204,"position":3},"title":"Mini Cooper \u00ab\u00a0N\u00e9ro\u00a0\u00bb","author":"admin4984","date":"21 mars 2019","format":false,"excerpt":"Vendue, partie couler des jours\u00a0heureux sur les bords de l'estuaire de la Gironde! N\u00e9ro, comme toutes nos autos \u00e0 b\u00e9n\u00e9fici\u00e9 de toute notre attention avant sa mise en vente. \u00c7a boite automatique de type CVT \u00e0 \u00e9t\u00e9 enti\u00e8rement d\u00e9mont\u00e9e et reconditionn\u00e9e avec des pi\u00e8ces neuves. Sont train avant, ses freins,\u2026","rel":"","context":"Article similaire","block_context":{"text":"Article similaire","link":""},"img":{"alt_text":"","src":"https:\/\/i0.wp.com\/pierrequiroulegarage.fr\/wp-content\/uploads\/2019\/03\/34-av-1426128415-1553165678392.jpg?fit=1200%2C790&ssl=1&resize=350%2C200","width":350,"height":200,"srcset":"https:\/\/i0.wp.com\/pierrequiroulegarage.fr\/wp-content\/uploads\/2019\/03\/34-av-1426128415-1553165678392.jpg?fit=1200%2C790&ssl=1&resize=350%2C200 1x, https:\/\/i0.wp.com\/pierrequiroulegarage.fr\/wp-content\/uploads\/2019\/03\/34-av-1426128415-1553165678392.jpg?fit=1200%2C790&ssl=1&resize=525%2C300 1.5x, https:\/\/i0.wp.com\/pierrequiroulegarage.fr\/wp-content\/uploads\/2019\/03\/34-av-1426128415-1553165678392.jpg?fit=1200%2C790&ssl=1&resize=700%2C400 2x, https:\/\/i0.wp.com\/pierrequiroulegarage.fr\/wp-content\/uploads\/2019\/03\/34-av-1426128415-1553165678392.jpg?fit=1200%2C790&ssl=1&resize=1050%2C600 3x"},"classes":[]},{"id":484,"url":"https:\/\/pierrequiroulegarage.fr\/index.php\/portfolio\/mini-cooper-oceane\/","url_meta":{"origin":204,"position":4},"title":"Mini Cooper \u00ab\u00a0Oc\u00e9ane\u00a0\u00bb","author":"admin4984","date":"13 ao\u00fbt 2019","format":false,"excerpt":"Vendue, partie du cot\u00e9 du Bassin d'Arcachon, pour Oc\u00e9ane, que demander de mieux !! Oc\u00e9ane est une Mini Cooper R56 120 cv de 2007 qui avait comme souvent chez nous besoin d'affection. Elle est arriv\u00e9e chez Pierre qui roule Garage avec un moteur \u00e0 bout de souffle. Aujourd'hui, elle tourne\u2026","rel":"","context":"Article similaire","block_context":{"text":"Article similaire","link":""},"img":{"alt_text":"","src":"https:\/\/i0.wp.com\/pierrequiroulegarage.fr\/wp-content\/uploads\/2019\/10\/IMG_6764.jpg?fit=1200%2C777&ssl=1&resize=350%2C200","width":350,"height":200,"srcset":"https:\/\/i0.wp.com\/pierrequiroulegarage.fr\/wp-content\/uploads\/2019\/10\/IMG_6764.jpg?fit=1200%2C777&ssl=1&resize=350%2C200 1x, https:\/\/i0.wp.com\/pierrequiroulegarage.fr\/wp-content\/uploads\/2019\/10\/IMG_6764.jpg?fit=1200%2C777&ssl=1&resize=525%2C300 1.5x, https:\/\/i0.wp.com\/pierrequiroulegarage.fr\/wp-content\/uploads\/2019\/10\/IMG_6764.jpg?fit=1200%2C777&ssl=1&resize=700%2C400 2x, https:\/\/i0.wp.com\/pierrequiroulegarage.fr\/wp-content\/uploads\/2019\/10\/IMG_6764.jpg?fit=1200%2C777&ssl=1&resize=1050%2C600 3x"},"classes":[]},{"id":904,"url":"https:\/\/pierrequiroulegarage.fr\/index.php\/portfolio\/mini-cooper-marina\/","url_meta":{"origin":204,"position":5},"title":"Mini Cooper \u00ab\u00a0Marina\u00a0\u00bb","author":"admin4984","date":"16 septembre 2021","format":false,"excerpt":"Vendue !! Marina est et restera dans l'entre deux mer, l\u00e0 ou la Garonne et la Dordogne rythment les paysages. Marina nous viens directement des Yvelines, elle avais des petits soucis de distribution et d'\u00e9tanch\u00e9it\u00e9 moteur. Apr\u00e8s le remplacement de la distribution et des joints des queues de soupape, mais\u2026","rel":"","context":"Article similaire","block_context":{"text":"Article similaire","link":""},"img":{"alt_text":"","src":"https:\/\/i0.wp.com\/pierrequiroulegarage.fr\/wp-content\/uploads\/2021\/09\/IMG_8141-scaled-e1634740353828.jpg?fit=1200%2C747&ssl=1&resize=350%2C200","width":350,"height":200,"srcset":"https:\/\/i0.wp.com\/pierrequiroulegarage.fr\/wp-content\/uploads\/2021\/09\/IMG_8141-scaled-e1634740353828.jpg?fit=1200%2C747&ssl=1&resize=350%2C200 1x, https:\/\/i0.wp.com\/pierrequiroulegarage.fr\/wp-content\/uploads\/2021\/09\/IMG_8141-scaled-e1634740353828.jpg?fit=1200%2C747&ssl=1&resize=525%2C300 1.5x, https:\/\/i0.wp.com\/pierrequiroulegarage.fr\/wp-content\/uploads\/2021\/09\/IMG_8141-scaled-e1634740353828.jpg?fit=1200%2C747&ssl=1&resize=700%2C400 2x, https:\/\/i0.wp.com\/pierrequiroulegarage.fr\/wp-content\/uploads\/2021\/09\/IMG_8141-scaled-e1634740353828.jpg?fit=1200%2C747&ssl=1&resize=1050%2C600 3x"},"classes":[]}],"_links":{"self":[{"href":"https:\/\/pierrequiroulegarage.fr\/index.php\/wp-json\/wp\/v2\/jetpack-portfolio\/204","targetHints":{"allow":["GET"]}}],"collection":[{"href":"https:\/\/pierrequiroulegarage.fr\/index.php\/wp-json\/wp\/v2\/jetpack-portfolio"}],"about":[{"href":"https:\/\/pierrequiroulegarage.fr\/index.php\/wp-json\/wp\/v2\/types\/jetpack-portfolio"}],"author":[{"embeddable":true,"href":"https:\/\/pierrequiroulegarage.fr\/index.php\/wp-json\/wp\/v2\/users\/1"}],"replies":[{"embeddable":true,"href":"https:\/\/pierrequiroulegarage.fr\/index.php\/wp-json\/wp\/v2\/comments?post=204"}],"version-history":[{"count":8,"href":"https:\/\/pierrequiroulegarage.fr\/index.php\/wp-json\/wp\/v2\/jetpack-portfolio\/204\/revisions"}],"predecessor-version":[{"id":1211,"href":"https:\/\/pierrequiroulegarage.fr\/index.php\/wp-json\/wp\/v2\/jetpack-portfolio\/204\/revisions\/1211"}],"wp:featuredmedia":[{"embeddable":true,"href":"https:\/\/pierrequiroulegarage.fr\/index.php\/wp-json\/wp\/v2\/media\/212"}],"wp:attachment":[{"href":"https:\/\/pierrequiroulegarage.fr\/index.php\/wp-json\/wp\/v2\/media?parent=204"}],"wp:term":[{"taxonomy":"jetpack-portfolio-type","embeddable":true,"href":"https:\/\/pierrequiroulegarage.fr\/index.php\/wp-json\/wp\/v2\/jetpack-portfolio-type?post=204"},{"taxonomy":"jetpack-portfolio-tag","embeddable":true,"href":"https:\/\/pierrequiroulegarage.fr\/index.php\/wp-json\/wp\/v2\/jetpack-portfolio-tag?post=204"}],"curies":[{"name":"wp","href":"https:\/\/api.w.org\/{rel}","templated":true}]}}